{"id":190,"date":"2015-01-04T10:26:55","date_gmt":"2015-01-04T10:26:55","guid":{"rendered":"http:\/\/gunnarkrantz.se\/?page_id=190"},"modified":"2023-06-01T22:20:09","modified_gmt":"2023-06-01T22:20:09","slug":"the-rake","status":"publish","type":"page","link":"https:\/\/gunnarkrantz.se\/?page_id=190","title":{"rendered":"dunkers kulturhus: dekadens, 2008"},"content":{"rendered":"<p><strong>FR\u00c5GAN<br \/>\n<\/strong>G\u00e5r det att skapa ett konstverk som p\u00e5 samma g\u00e5ng \u00e4r en tecknad serie, d v s blir accepterat av det Bourdieu beskriver i termen av f\u00e4lt; konstf\u00e4ltet och serief\u00e4ltet? Den fr\u00e5gan fick jag anledning att st\u00e4lla mig d\u00e5 jag 2008 fick en inbjudan att medverka p\u00e5 utst\u00e4llningen Dekadens p\u00e5 Dunkers Kulturhus i Helsingborg.<\/p>\n<p>Id\u00e9n fr\u00e5n Bengt Adlers, intendent p\u00e5 Dunkers Kulturhus, var enkelt och kortfattat, en tecknad serie utifr\u00e5n William Hogarths bildsvit Rucklarens v\u00e4g. \u00d6vriga medverkande p\u00e5 utst\u00e4llningen var David Hockney, Ingmar Bergman, Jockum Nordstr\u00f6m, Paola Rego och Nathalie Djurberg.<\/p>\n<p><a href=\"http:\/\/gunnarkrantz.se\/wp-content\/uploads\/2015\/01\/the_rake_installation2.jpg\"><img loading=\"lazy\" decoding=\"async\" class=\"alignnone size-medium wp-image-181\" src=\"http:\/\/gunnarkrantz.se\/wp-content\/uploads\/2015\/01\/the_rake_installation2-300x225.jpg\" alt=\"the_rake_installation2\" width=\"300\" height=\"225\" srcset=\"https:\/\/gunnarkrantz.se\/wp-content\/uploads\/2015\/01\/the_rake_installation2-300x225.jpg 300w, https:\/\/gunnarkrantz.se\/wp-content\/uploads\/2015\/01\/the_rake_installation2.jpg 800w\" sizes=\"auto, (max-width: 300px) 100vw, 300px\" \/><\/a> <a href=\"http:\/\/gunnarkrantz.se\/wp-content\/uploads\/2015\/01\/the_rake_installation1.jpg\"><img loading=\"lazy\" decoding=\"async\" class=\"alignnone size-medium wp-image-182\" src=\"http:\/\/gunnarkrantz.se\/wp-content\/uploads\/2015\/01\/the_rake_installation1-300x225.jpg\" alt=\"the_rake_installation1\" width=\"300\" height=\"225\" srcset=\"https:\/\/gunnarkrantz.se\/wp-content\/uploads\/2015\/01\/the_rake_installation1-300x225.jpg 300w, https:\/\/gunnarkrantz.se\/wp-content\/uploads\/2015\/01\/the_rake_installation1.jpg 800w\" sizes=\"auto, (max-width: 300px) 100vw, 300px\" \/><\/a><\/p>\n<p>Rucklarens v\u00e4g \u00e4r en ber\u00e4ttelse av den engelske konstn\u00e4ren, grafikern och satirikern William Hogarth (1697-1764). Hogarth \u00e4r framf\u00f6rallt k\u00e4nd f\u00f6r sina moraliserande och sedel\u00e4rande ber\u00e4ttelser, som t ex A Harlots Progress, Marriage \u00e0 la mode och The Rakes progress. Hogarths verk intar en framtr\u00e4dande plats i serieforskningen och han anses allm\u00e4nt som en viktig f\u00f6reg\u00e5ngsperson och inspirationsk\u00e4lla till bl a Rodolphe\u00a0 T\u00f6pffer.<\/p>\n<p>Rucklarens v\u00e4g handlar i korta drag om den unge Tom Rakewell, som \u00e4rver sin sn\u00e5le faders f\u00f6rm\u00f6genhet. Han f\u00f6rsl\u00f6sar denna, genom allsk\u00f6ns utsv\u00e4vningar och ett liv i lyx. N\u00e4r pengarna tar slut, gifter han sig med rik gammal kvinna. Efter att ha spelat bort \u00e4ven hennes f\u00f6rm\u00f6genhet, s\u00e4tts han i f\u00e4ngelse f\u00f6r sina skulder och hamnar slutligen, bortom all r\u00e4ddning p\u00e5 Londons fruktade sinnesjukhus; Bedlam. Ber\u00e4ttelsen har bl a legat till grund f\u00f6r en opera av Igor Stravinsky och en svit etsningar av David Hockney.<\/p>\n<p>Hogarth inspirerades av den d\u00e5 framv\u00e4xande popul\u00e4ra f\u00f6ljetongslitteraturen och skapade sin egen variant i form av grafiska blad, gjorda utifr\u00e5n sina egna originalm\u00e5lningar.<\/p>\n<p><strong>SERIEKONST &#8211; KONSTSERIE<br \/>\n<\/strong>Bourdieus f\u00e4ltbegrepp definieras enligt Broady och Palme (1) \u201d..av att m\u00e4nniskor samlas kring n\u00e5got gemensamt som de tror p\u00e5 och strider om.\u201d Det som f\u00f6renar de stridande \u00e4r tron p\u00e5 att det man strider om \u00e4r v\u00e4rdefullt. Enligt Broady \u00e4r f\u00e4ltet en \u201davskild och relativt sj\u00e4lvst\u00e4ndig v\u00e4rld med egna intr\u00e4deskrav, egna m\u00e5ttstockar f\u00f6r bed\u00f6mning av framg\u00e5ng och fiasko, egna former f\u00f6r bel\u00f6ning och straff etc.\u201d<\/p>\n<p>Att\u00a0 min version av \u201dThe Rake\u201d var konst, d v s accepterades som konst av konstf\u00e4ltet, visade sig efter vernissagen den 31 oktober 2009. Verket presenterades p\u00e5 en konstinstitution, utvalt av konsthallens intendent och tillsammans med verk av andra etablerade konstn\u00e4rer. Verket diskuterades i utst\u00e4llningens katalog och recenserades av konstkritiker i bl a Dagens Nyheter, Sydsvenska Dagbladet och Aftonbladet. Utst\u00e4llningen Dekadens uts\u00e5gs till en av de fem viktigaste h\u00e4ndelserna i Kultur-Sverige under november av Kulturnyheterna, SVT.<\/p>\n<p><a href=\"http:\/\/gunnarkrantz.se\/wp-content\/uploads\/2015\/01\/Gunnar_Krantz_The_Rake_floor.jpg\"><img loading=\"lazy\" decoding=\"async\" class=\"alignnone size-medium wp-image-186\" src=\"http:\/\/gunnarkrantz.se\/wp-content\/uploads\/2015\/01\/Gunnar_Krantz_The_Rake_floor-300x225.jpg\" alt=\"Gunnar_Krantz_The_Rake_floor\" width=\"300\" height=\"225\" srcset=\"https:\/\/gunnarkrantz.se\/wp-content\/uploads\/2015\/01\/Gunnar_Krantz_The_Rake_floor-300x225.jpg 300w, https:\/\/gunnarkrantz.se\/wp-content\/uploads\/2015\/01\/Gunnar_Krantz_The_Rake_floor-1024x768.jpg 1024w\" sizes=\"auto, (max-width: 300px) 100vw, 300px\" \/><\/a> <a href=\"http:\/\/gunnarkrantz.se\/wp-content\/uploads\/2015\/01\/Gunnar_Krantz_The_Rake_gold.jpg\"><img loading=\"lazy\" decoding=\"async\" class=\"alignnone size-medium wp-image-185\" src=\"http:\/\/gunnarkrantz.se\/wp-content\/uploads\/2015\/01\/Gunnar_Krantz_The_Rake_gold-300x225.jpg\" alt=\"Gunnar_Krantz_The_Rake_gold\" width=\"300\" height=\"225\" srcset=\"https:\/\/gunnarkrantz.se\/wp-content\/uploads\/2015\/01\/Gunnar_Krantz_The_Rake_gold-300x225.jpg 300w, https:\/\/gunnarkrantz.se\/wp-content\/uploads\/2015\/01\/Gunnar_Krantz_The_Rake_gold-1024x768.jpg 1024w\" sizes=\"auto, (max-width: 300px) 100vw, 300px\" \/><\/a><\/p>\n<p>Men hur s\u00e5g det ut p\u00e5 serief\u00e4ltet? R\u00e4knades &#8220;The Rake&#8221; \u00e4ven som en tecknad serie? Intentionen med \u201dThe Rake\u201d, var att skapa ett konstverk, inte en tecknad serie. Teckningarna var inte t\u00e4nkta som f\u00f6rlagor till offsetpl\u00e5tar, vilket understr\u00f6ks av monteringen i boxar och det sv\u00e5rreproducerade bladguldet. Trots detta st\u00e4llningstagande, valde serief\u00f6rlaget Optimal press, ut \u201dThe Rake\u201d att ing\u00e5 i den \u00e5rliga serieantologi; Allt f\u00f6r konsten. I och med denna publicering accepterades konstverket ocks\u00e5 av serief\u00e4ltet och var d\u00e4rmed p\u00e5 en och samma g\u00e5ng konstserie och seriekonst.<\/p>\n<p><a href=\"http:\/\/gunnarkrantz.se\/wp-content\/uploads\/2015\/01\/rake_afk.jpg\"><img loading=\"lazy\" decoding=\"async\" class=\"alignnone size-medium wp-image-189\" src=\"http:\/\/gunnarkrantz.se\/wp-content\/uploads\/2015\/01\/rake_afk-300x225.jpg\" alt=\"rake_afk\" width=\"300\" height=\"225\" srcset=\"https:\/\/gunnarkrantz.se\/wp-content\/uploads\/2015\/01\/rake_afk-300x225.jpg 300w, https:\/\/gunnarkrantz.se\/wp-content\/uploads\/2015\/01\/rake_afk.jpg 720w\" sizes=\"auto, (max-width: 300px) 100vw, 300px\" \/><\/a><\/p>\n<p>En artikel om arbetet p\u00e5 The Rake publicerades i Tidskriften Val\u00f6r nr 2 2011.<br \/>\n<a href=\"http:\/\/gunnarkrantz.se\/wp-content\/uploads\/2015\/01\/Seriekonst_och_konstserier.pdf\">Seriekonst_och_konstserier<\/a><\/p>\n<p>Not (1) Broady, D och Palme, M. F\u00f6rord till.: Bourdieu, Pierre, <em>Kultursociologiska texter<\/em>, 4. uppl., B. \u00d6stlings bokf\u00f6rl., Symposion, Stockholm, 1993<\/p>\n","protected":false},"excerpt":{"rendered":"<p>FR\u00c5GAN G\u00e5r det att skapa ett konstverk som p\u00e5 samma g\u00e5ng \u00e4r en tecknad serie, d v s blir accepterat av det Bourdieu beskriver i termen av f\u00e4lt; konstf\u00e4ltet och serief\u00e4ltet? Den fr\u00e5gan fick jag anledning att st\u00e4lla mig d\u00e5 jag 2008 fick en inbjudan att medverka p\u00e5 utst\u00e4llningen Dekadens p\u00e5 Dunkers Kulturhus i Helsingborg. [&hellip;]<\/p>\n","protected":false},"author":1,"featured_media":0,"parent":0,"menu_order":0,"comment_status":"closed","ping_status":"open","template":"","meta":{"footnotes":""},"class_list":["post-190","page","type-page","status-publish","hentry"],"_links":{"self":[{"href":"https:\/\/gunnarkrantz.se\/index.php?rest_route=\/wp\/v2\/pages\/190","targetHints":{"allow":["GET"]}}],"collection":[{"href":"https:\/\/gunnarkrantz.se\/index.php?rest_route=\/wp\/v2\/pages"}],"about":[{"href":"https:\/\/gunnarkrantz.se\/index.php?rest_route=\/wp\/v2\/types\/page"}],"author":[{"embeddable":true,"href":"https:\/\/gunnarkrantz.se\/index.php?rest_route=\/wp\/v2\/users\/1"}],"replies":[{"embeddable":true,"href":"https:\/\/gunnarkrantz.se\/index.php?rest_route=%2Fwp%2Fv2%2Fcomments&post=190"}],"version-history":[{"count":13,"href":"https:\/\/gunnarkrantz.se\/index.php?rest_route=\/wp\/v2\/pages\/190\/revisions"}],"predecessor-version":[{"id":3055,"href":"https:\/\/gunnarkrantz.se\/index.php?rest_route=\/wp\/v2\/pages\/190\/revisions\/3055"}],"wp:attachment":[{"href":"https:\/\/gunnarkrantz.se\/index.php?rest_route=%2Fwp%2Fv2%2Fmedia&parent=190"}],"curies":[{"name":"wp","href":"https:\/\/api.w.org\/{rel}","templated":true}]}}