{"id":364,"date":"2015-01-12T19:19:14","date_gmt":"2015-01-12T19:19:14","guid":{"rendered":"http:\/\/gunnarkrantz.se\/?page_id=364"},"modified":"2023-06-01T22:26:50","modified_gmt":"2023-06-01T22:26:50","slug":"louisianaudstillingen-1997","status":"publish","type":"page","link":"https:\/\/gunnarkrantz.se\/?page_id=364","title":{"rendered":"louisianaudstillingen 1997"},"content":{"rendered":"<p>Lousiana Museum of Contemporary Art, Humleb\u00e6k, Danmark.<br \/>\n<a href=\"http:\/\/gunnarkrantz.se\/wp-content\/uploads\/2015\/01\/khm001.jpg\"><img loading=\"lazy\" decoding=\"async\" class=\"alignnone wp-image-368 size-large\" src=\"http:\/\/gunnarkrantz.se\/wp-content\/uploads\/2015\/01\/khm001-721x1024.jpg\" alt=\"Filmen om Patrik\" width=\"721\" height=\"1024\" srcset=\"https:\/\/gunnarkrantz.se\/wp-content\/uploads\/2015\/01\/khm001-721x1024.jpg 721w, https:\/\/gunnarkrantz.se\/wp-content\/uploads\/2015\/01\/khm001-211x300.jpg 211w\" sizes=\"auto, (max-width: 721px) 100vw, 721px\" \/><\/a><br \/>\n<a href=\"http:\/\/gunnarkrantz.se\/wp-content\/uploads\/2015\/01\/khm002.jpg\"><img loading=\"lazy\" decoding=\"async\" class=\"alignnone wp-image-372 size-large\" src=\"http:\/\/gunnarkrantz.se\/wp-content\/uploads\/2015\/01\/khm002-721x1024.jpg\" alt=\"Filmen om Patrik 2\" width=\"721\" height=\"1024\" srcset=\"https:\/\/gunnarkrantz.se\/wp-content\/uploads\/2015\/01\/khm002-721x1024.jpg 721w, https:\/\/gunnarkrantz.se\/wp-content\/uploads\/2015\/01\/khm002-211x300.jpg 211w\" sizes=\"auto, (max-width: 721px) 100vw, 721px\" \/><\/a><br \/>\nP\u00e5 ett seminarium p\u00e5 Louisiana fick jag klart f\u00f6r mig att v\u00e4rlden var p\u00e5 v\u00e4g att f\u00f6r\u00e4ndras. Globalisering hette det. Handelshinder skulle rivas. Datorer ta \u00f6ver arbetsuppgifter fr\u00e5n m\u00e4nniskor. Arbetsl\u00f6sheten skulle breda ut sig. Nya tankar f\u00f6r framtiden presenterades. Samtidigt frodades en \u00e5sikt om att historien n\u00e5tt ett slut. Berlinmurens fall s\u00e5gs som det yttersta uttrycket f\u00f6r att v\u00e4nsterns tid var \u00f6ver. Jag trodde aldrig p\u00e5 det d\u00e4r. Inte f\u00f6r att jag n\u00f6dv\u00e4ndigtvis ville ha tillbaks den dogmatiska v\u00e4nster jag sj\u00e4lv upplevt i slutet p\u00e5 70-talet. Men samtidigt k\u00e4nde jag att det var f\u00f6r tidigt att definitivt r\u00e4kna ut den. Den nya tiden skulle visa p\u00e5 en ny v\u00e4nster. S\u00e5 trodde jag. Mitt n\u00e4sta konstprojekt handlade d\u00e4rf\u00f6r mycket om att hitta sp\u00e5r av den traditionella v\u00e4nstern i samtida uttryck. Jag b\u00f6rjade l\u00e4sa partiprogram och m\u00e5la banderoller. Jag dokumenterade 1:a Majt\u00e5g och tr\u00e4ffade unga v\u00e4nsteraktivister. Jag funderade \u00f6ver hur revolutionen skulle manifesteras i bild denna g\u00e5ng. Jag kallade projektet Social Realism. (Ur boken &#8220;Fr\u00e5n Superangst till Seriestaden).<\/p>\n","protected":false},"excerpt":{"rendered":"<p>Lousiana Museum of Contemporary Art, Humleb\u00e6k, Danmark. P\u00e5 ett seminarium p\u00e5 Louisiana fick jag klart f\u00f6r mig att v\u00e4rlden var p\u00e5 v\u00e4g att f\u00f6r\u00e4ndras. Globalisering hette det. Handelshinder skulle rivas. Datorer ta \u00f6ver arbetsuppgifter fr\u00e5n m\u00e4nniskor. Arbetsl\u00f6sheten skulle breda ut sig. Nya tankar f\u00f6r framtiden presenterades. Samtidigt frodades en \u00e5sikt om att historien n\u00e5tt ett [&hellip;]<\/p>\n","protected":false},"author":1,"featured_media":0,"parent":0,"menu_order":0,"comment_status":"closed","ping_status":"open","template":"","meta":{"footnotes":""},"class_list":["post-364","page","type-page","status-publish","hentry"],"_links":{"self":[{"href":"https:\/\/gunnarkrantz.se\/index.php?rest_route=\/wp\/v2\/pages\/364","targetHints":{"allow":["GET"]}}],"collection":[{"href":"https:\/\/gunnarkrantz.se\/index.php?rest_route=\/wp\/v2\/pages"}],"about":[{"href":"https:\/\/gunnarkrantz.se\/index.php?rest_route=\/wp\/v2\/types\/page"}],"author":[{"embeddable":true,"href":"https:\/\/gunnarkrantz.se\/index.php?rest_route=\/wp\/v2\/users\/1"}],"replies":[{"embeddable":true,"href":"https:\/\/gunnarkrantz.se\/index.php?rest_route=%2Fwp%2Fv2%2Fcomments&post=364"}],"version-history":[{"count":9,"href":"https:\/\/gunnarkrantz.se\/index.php?rest_route=\/wp\/v2\/pages\/364\/revisions"}],"predecessor-version":[{"id":3063,"href":"https:\/\/gunnarkrantz.se\/index.php?rest_route=\/wp\/v2\/pages\/364\/revisions\/3063"}],"wp:attachment":[{"href":"https:\/\/gunnarkrantz.se\/index.php?rest_route=%2Fwp%2Fv2%2Fmedia&parent=364"}],"curies":[{"name":"wp","href":"https:\/\/api.w.org\/{rel}","templated":true}]}}