{"id":517,"date":"2015-02-05T21:41:03","date_gmt":"2015-02-05T21:41:03","guid":{"rendered":"http:\/\/gunnarkrantz.se\/?page_id=517"},"modified":"2023-06-01T22:25:58","modified_gmt":"2023-06-01T22:25:58","slug":"arkiv-krantz-serieskolan-i-malmo","status":"publish","type":"page","link":"https:\/\/gunnarkrantz.se\/?page_id=517","title":{"rendered":"serieskolan i malm\u00f6"},"content":{"rendered":"<p><strong>1999 var jag med och drog ig\u00e5ng Serieskolan i Malm\u00f6. Jag arbetade d\u00e4r som l\u00e4rare i mer \u00e4n tio \u00e5r. Det var en sp\u00e4nnande tid, full av nybyggaranda och st\u00e4ndig fram\u00e5tr\u00f6relse. H\u00e4r \u00e4r en sammanst\u00e4llning av dokument, erfarenheter och minnen fr\u00e5n den tiden.<br \/>\n<\/strong><\/p>\n<p><strong>STARTEN<\/strong><br \/>\n<small>I januari 1999 kontaktade kursutvecklingsgruppen p\u00e5 Kvarnby Folkh\u00f6gskola Seriefr\u00e4mjandets ordf\u00f6rande Fredrik Str\u00f6mberg f\u00f6r att f\u00e5 tips p\u00e5 m\u00f6jliga l\u00e4rare till en kurs i serieteckning, som de funderade p\u00e5 att starta. Fredrik rekommenderade bl. a.&nbsp; mig och i slutet av januari l\u00e4mnade jag in ett f\u00f6rsta utkast till en kursplan. <a href=\"http:\/\/gunnarkrantz.se\/wp-content\/uploads\/2015\/02\/Planering_Serieskolan_990126.pdf\">Planering_Serieskolan_990126<br \/>\n<\/a>Planen reviderades efter m\u00f6te med kursutvecklingsgruppen och resulterade i en mer utf\u00f6rlig, d\u00e4r \u00e4ven kostnader f\u00f6r utrustning togs med.<br \/>\n<a href=\"http:\/\/gunnarkrantz.se\/wp-content\/uploads\/2015\/02\/Kvarnby_Serietecknarskola_planerging_990216.pdf\">Kvarnby_Serietecknarskola_planering_990216<br \/>\n<\/a>I mars var det dags f\u00f6r ytterligare ett m\u00f6te, till vilket jag presenterade \u00e4nnu en reviderad plan, nu med f\u00f6rslag p\u00e5 de l\u00e4rare jag ville anlita.<a href=\"http:\/\/gunnarkrantz.se\/wp-content\/uploads\/2015\/02\/Kallelse_Mo\u0308te_serietecknarskolan_990319.pdf\"><br \/>\n<\/a><a href=\"http:\/\/gunnarkrantz.se\/wp-content\/uploads\/2015\/02\/Planering_erieskolan_990319.pdf\">Planering_Serieskolan_990319<br \/>\n<\/a>I april var planerna s\u00e5 l\u00e5ngt framskridna att Kvarnby meddelade att det var dags att marknadsf\u00f6ra kursen. Jag fick det uppdraget, skrev ett pressmeddelande och kallade till en presskonferens p\u00e5 Kvarnby. (Den n\u00e5got tumultartade presskonferensen finns beskriven i&nbsp; boken <a title=\"FR\u00c5N SUPERANGST TILL SERIESTADEN\" href=\"http:\/\/gunnarkrantz.se\/?page_id=113\">&#8220;Fr\u00e5n Superangst till Seriestaden&#8221;<\/a>) <a href=\"http:\/\/gunnarkrantz.se\/wp-content\/uploads\/2015\/02\/Pressmeddelande_presskonferens_april_1999.pdf\"><br \/>\n<\/a>Den framg\u00e5ngsrika mediabevakningen gjorde att kursens platser fylldes p\u00e5 kort tid och innebar att det som idag \u00e4r <em>Serieskolan i Malm\u00f6<\/em> f\u00f6rverkligades.<\/small><\/p>\n<p><strong>NAMNET &#8220;SERIESKOLAN&#8221;<\/strong><br \/>\n<small>Under planeringen och fr\u00e5n starten kallades kursen omv\u00e4xlande f\u00f6r &#8220;Kvarnby Serietecknarskola&#8221; &#8220;Serieskolan&#8221; och &#8220;Kvarnby Serietecknarskola&#8221;.&nbsp; Namnet &#8220;Serietecknarskolan i Malm\u00f6&#8221; lanserades strategiskt mycket p\u00e5 grund av&nbsp; &#8220;Serietecknarskolan i Hofors&#8221;.<br \/>\nN\u00e4r den f\u00f6rsta \u00e5rsboken publiceras (2000) pryddes baksidan av en logotyp, framtagen av Tony Cronstam (som d\u00e5 var l\u00e4rare p\u00e5 kursen) med namnet &#8220;Kvarnby Folkh\u00f6gskola Serietecknarskolan&#8221;. Fr\u00e5n och med n\u00e4sta \u00e5rsbok reducerades namnet till &#8220;Serietecknarskolan i Malm\u00f6&#8221;. I \u00e5rsboken 2004 reducerades det ytterligare till &#8220;Serieskolan i Malm\u00f6&#8221; och webadressen &#8220;serieskolan.se&#8221; angavs f\u00f6r f\u00f6rsta g\u00e5ngen.<br \/>\nSerieskolan i Malm\u00f6 fick fr\u00e5n starten stor uppm\u00e4rksamhet i media, vilket ledde till att jag fick ansvaret f\u00f6r hela folkh\u00f6gskolans&nbsp; marknadsf\u00f6ring, jag tog bl a fram&nbsp; en ny logotyp f\u00f6r Kvarnby Folkh\u00f6gskola (som fortfarande anv\u00e4nds), s\u00e5g till att \u00e5rsboken &#8220;Kvarnby Serier&#8221; trycktes i massupplaga i storpocket och delades ut gratis mot att varje utg\u00e5va inleddes med en presentation av hela Folkh\u00f6gskolan och dess olika kurser och att Kvarnby sl\u00f6t ett avtal med Seriefr\u00e4mjandet, genom vilket Serieskolan fick en st\u00e5ende helsidesannons i varje nummer av Bild&amp;Bubbla. I alla marknadsf\u00f6ringssammanhang anlitades ocks\u00e5 kursdeltagare som illustrat\u00f6rer.<\/small><\/p>\n<p><strong>PEDAGOGIKEN<\/strong><br \/>\n<small>Jag undervisade p\u00e5 Serieskolan i mer \u00e4n tio \u00e5r och de flesta&nbsp; tecknare i det \u201cSvenska Serieundret\u201d har haft mig som l\u00e4rare.<\/small><\/p>\n<p><strong><a href=\"http:\/\/gunnarkrantz.se\/wp-content\/uploads\/2014\/12\/DSC00911.jpg\"><img loading=\"lazy\" decoding=\"async\" class=\"alignnone wp-image-335\" src=\"http:\/\/gunnarkrantz.se\/wp-content\/uploads\/2014\/12\/DSC00911-1024x768.jpg\" alt=\"DSC00911\" width=\"600\" height=\"450\" srcset=\"https:\/\/gunnarkrantz.se\/wp-content\/uploads\/2014\/12\/DSC00911-1024x768.jpg 1024w, https:\/\/gunnarkrantz.se\/wp-content\/uploads\/2014\/12\/DSC00911-300x225.jpg 300w, https:\/\/gunnarkrantz.se\/wp-content\/uploads\/2014\/12\/DSC00911.jpg 1600w\" sizes=\"auto, (max-width: 600px) 100vw, 600px\" \/><\/a><\/strong><\/p>\n<p><small>Det f\u00f6rsta eleverna fick m\u00f6ta p\u00e5 skolan, var min grundkurs i serieteckning. Ett koncept, t\u00e4nkt att fungera som en kickstart f\u00f6r alla som vill l\u00e4ra sig teckna serier. Kursen inneh\u00f6ll allt ifr\u00e5n tecknandets principer, ber\u00e4ttarstruktur och introduktion till olika konstn\u00e4rliga tekniker och var en komprimerad sammanfattning av mina egna erfarenheter, fr\u00e5n att ha varit fanzinetecknare p\u00e5 70-talet, till professionell fr\u00e5n mitten av 80-talet i kombination med erfarenheter fr\u00e5n min konstn\u00e4rliga utbildning. M\u00e5let var att eleverna snabbt skulle komma ig\u00e5ng och teckna och publicera serier f\u00f6r att p\u00e5 s\u00e5 s\u00e4tt hitta en publik.<\/small><\/p>\n<p><a href=\"http:\/\/gunnarkrantz.se\/wp-content\/uploads\/2015\/02\/gunnar_krantz_serieskolan_seriemagi-275x451.jpg\"><img loading=\"lazy\" decoding=\"async\" class=\"alignnone size-medium wp-image-599\" src=\"http:\/\/gunnarkrantz.se\/wp-content\/uploads\/2015\/02\/gunnar_krantz_serieskolan_seriemagi-275x451-183x300.jpg\" alt=\"gunnar_krantz_serieskolan_seriemagi-275x451\" width=\"183\" height=\"300\" srcset=\"https:\/\/gunnarkrantz.se\/wp-content\/uploads\/2015\/02\/gunnar_krantz_serieskolan_seriemagi-275x451-183x300.jpg 183w, https:\/\/gunnarkrantz.se\/wp-content\/uploads\/2015\/02\/gunnar_krantz_serieskolan_seriemagi-275x451.jpg 275w\" sizes=\"auto, (max-width: 183px) 100vw, 183px\" \/><\/a><\/p>\n<p><small>Min grundkurs f\u00f6rh\u00f6ll sig inte till n\u00e5gon s\u00e4rskild genre eller stil inom serierna. Den gick ist\u00e4llet direkt p\u00e5 k\u00e4rnan i seriemediet d v s hur man ber\u00e4ttar i text och bild och gav konkreta ing\u00e5ngar och tips till hur man kunde g\u00e5 tillv\u00e4ga f\u00f6r att uppn\u00e5 ett lyckat resultat.<br \/>\n2005 sammanfattade jag min grundkurs i boken <strong>Seriemagi<\/strong>, d\u00e4r jag bit f\u00f6r bit gick igenom de olika moment som ingick i kursen. Jag delade \u00e4ven med mig av sin egen ber\u00e4ttelse. Boken \u00e4r tecknad i serieform och anv\u00e4nds regelbundet som kurslitteratur p\u00e5 universitet, h\u00f6gskolor och kurser i serieteckning.<\/small><\/p>\n<p><strong>FRAMTIDSSEMINARIER<\/strong><br \/>\n<small>Ett regelbundet inslag i min undervisning var de s k &#8220;Framtidsseminarierna&#8221;, d\u00e4r jag st\u00e4llde en rad fr\u00e5gor till klassen och l\u00e4t den diskutera dessa. M\u00e5nga av diskussionsfr\u00e5gorna resulterade i handling, som m\u00f6jliggjorde t ex Seriecenter. H\u00e4r mitt fr\u00e5geunderlag fr\u00e5n \u00e5r 2000.<\/small><\/p>\n<p><a href=\"http:\/\/gunnarkrantz.se\/wp-content\/uploads\/2015\/06\/Future_seminar_2000.jpg\"><img loading=\"lazy\" decoding=\"async\" class=\"alignnone size-medium wp-image-707\" src=\"http:\/\/gunnarkrantz.se\/wp-content\/uploads\/2015\/06\/Future_seminar_2000-225x300.jpg\" alt=\"Future_seminar_2000\" width=\"225\" height=\"300\" srcset=\"https:\/\/gunnarkrantz.se\/wp-content\/uploads\/2015\/06\/Future_seminar_2000-225x300.jpg 225w, https:\/\/gunnarkrantz.se\/wp-content\/uploads\/2015\/06\/Future_seminar_2000-768x1024.jpg 768w, https:\/\/gunnarkrantz.se\/wp-content\/uploads\/2015\/06\/Future_seminar_2000.jpg 1417w\" sizes=\"auto, (max-width: 225px) 100vw, 225px\" \/><\/a><\/p>\n<p><strong>FLYTTEN TILL MAZETTIHUSET<\/strong><br \/>\n<small>Etableringen av <a title=\"SERIECENTER\" href=\"http:\/\/gunnarkrantz.se\/?page_id=484\">Seriecenter<\/a> i Mazettihuset resulterade i att Kvarnby Folkh\u00f6gskola fick erbjudande om lokaler intill Konsth\u00f6gskolornas Inter Arts Center, f\u00f6r Serieskolan i Malm\u00f6s r\u00e4kning. Efter att ha tittat p\u00e5 lokalerna fattade styrelsen beslut om att acceptera erbjudandet f\u00f6r seriekursernas r\u00e4kning och jag fick i uppdrag att skissa p\u00e5 lokaler och inredning. Efter drygt ett \u00e5r av byggnation flyttade Serieskolan fr\u00e5n R\u00f6da Huset till de nya lokalerna.<br \/>\n<a href=\"http:\/\/gunnarkrantz.se\/wp-content\/uploads\/2015\/03\/INBJUDAN-TILL-PRESSVISNING-AV-SERIESKOLANS-NYA-LOKALER-I-MAZETTIHUSET.pdf\">Pressvisning-Serieskolans-nya-lokaler-i-Mazettihuset<\/a><\/small><\/p>\n","protected":false},"excerpt":{"rendered":"<p>1999 var jag med och drog ig\u00e5ng Serieskolan i Malm\u00f6. Jag arbetade d\u00e4r som l\u00e4rare i mer \u00e4n tio \u00e5r. Det var en sp\u00e4nnande tid, full av nybyggaranda och st\u00e4ndig fram\u00e5tr\u00f6relse. H\u00e4r \u00e4r en sammanst\u00e4llning av dokument, erfarenheter och minnen fr\u00e5n den tiden. STARTEN I januari 1999 kontaktade kursutvecklingsgruppen p\u00e5 Kvarnby Folkh\u00f6gskola Seriefr\u00e4mjandets ordf\u00f6rande Fredrik [&hellip;]<\/p>\n","protected":false},"author":1,"featured_media":0,"parent":17,"menu_order":0,"comment_status":"closed","ping_status":"open","template":"","meta":{"footnotes":""},"class_list":["post-517","page","type-page","status-publish","hentry"],"_links":{"self":[{"href":"https:\/\/gunnarkrantz.se\/index.php?rest_route=\/wp\/v2\/pages\/517","targetHints":{"allow":["GET"]}}],"collection":[{"href":"https:\/\/gunnarkrantz.se\/index.php?rest_route=\/wp\/v2\/pages"}],"about":[{"href":"https:\/\/gunnarkrantz.se\/index.php?rest_route=\/wp\/v2\/types\/page"}],"author":[{"embeddable":true,"href":"https:\/\/gunnarkrantz.se\/index.php?rest_route=\/wp\/v2\/users\/1"}],"replies":[{"embeddable":true,"href":"https:\/\/gunnarkrantz.se\/index.php?rest_route=%2Fwp%2Fv2%2Fcomments&post=517"}],"version-history":[{"count":73,"href":"https:\/\/gunnarkrantz.se\/index.php?rest_route=\/wp\/v2\/pages\/517\/revisions"}],"predecessor-version":[{"id":3061,"href":"https:\/\/gunnarkrantz.se\/index.php?rest_route=\/wp\/v2\/pages\/517\/revisions\/3061"}],"up":[{"embeddable":true,"href":"https:\/\/gunnarkrantz.se\/index.php?rest_route=\/wp\/v2\/pages\/17"}],"wp:attachment":[{"href":"https:\/\/gunnarkrantz.se\/index.php?rest_route=%2Fwp%2Fv2%2Fmedia&parent=517"}],"curies":[{"name":"wp","href":"https:\/\/api.w.org\/{rel}","templated":true}]}}