{"id":753,"date":"2015-10-20T08:06:53","date_gmt":"2015-10-20T08:06:53","guid":{"rendered":"http:\/\/gunnarkrantz.se\/?page_id=753"},"modified":"2023-05-24T09:13:08","modified_gmt":"2023-05-24T09:13:08","slug":"39-ar-i-seriernas-tjanst","status":"publish","type":"page","link":"https:\/\/gunnarkrantz.se\/?page_id=753","title":{"rendered":"40 \u00e5r i seriernas tj\u00e4nst"},"content":{"rendered":"<p><em>En kortfattad sammanfattning av mitt arbete med tecknade serier under 40 \u00e5r.<\/em><\/p>\n<p><strong>KIVIK<br \/>\n1976<\/strong> v\u00e4cks tanken p\u00e5 att kunna teckna serier. Problemet \u00e4r f\u00f6rm\u00e5gan. Kunskap h\u00e4mtas in fr\u00e5n \u00c5ke Ski\u00f6lds ritskola, kvalit\u00e9n p\u00e5 teckningarna skjuter i h\u00f6jden. Likas\u00e5 skolbetyget.&nbsp;Skriver brev till Herg\u00e9 och st\u00e4ller fr\u00e5gor om hans bruk av material. F\u00e5r svaret att han vanligtvis tecknar med en penna. F\u00e5r kontakt med Rolf Gohs och p\u00e5b\u00f6rjar en brevv\u00e4xling om serieskapande.&nbsp;Uppt\u00e4cker tidskriften <em>Thud<\/em> p\u00e5 biblioteket i Simrishamn och kommer p\u00e5 det viset i kontakt med fenomenet fanzines. Tecknar en f\u00f6rsta avslutad serie och skickar den till <em>Olberska Paradoxen<\/em> i Kiruna. Serien blir antagen, men det dr\u00f6jer tv\u00e5 \u00e5r innan den publiceras.<\/p>\n<p><strong>1977<\/strong> Best\u00e4ller ett antal nummer av undergroundtidningen <em>Zap-comix<\/em>. Efter ett \u00e5rs v\u00e4ntetid kommer&nbsp; tidningarna.<\/p>\n<p><strong>1978 <\/strong>Semic press g\u00e5r ut i stora annonser i <em>Fantomen<\/em> och s\u00f6ker serietecknare till S<em>venska Serier<\/em>. P\u00e5b\u00f6rjar arbete med serier f\u00f6r publicering i <em>Svenska Serier.&nbsp;<\/em>Uppt\u00e4cker den fransk\/belgiska seriekulturen p\u00e5 spr\u00e5kresa i s\u00f6dra Frankrike. Framf\u00f6rallt via magasin som <em>Metal Hurlant, Pilote<\/em> och nystartade <em>(A Suivre)<\/em>. Fyller resv\u00e4skan med tidningar och album.<\/p>\n<p><strong>KRISTIANSTAD<br \/>\n<\/strong>Tecknar en f\u00f6rsta l\u00e4ngre serie f\u00f6r <em>Svenska Serier<\/em>. En sf-story, inspirerad av framf\u00f6rallt J-C Mezieres stil. Serien refuseras.<\/p>\n<figure id=\"attachment_806\" aria-describedby=\"caption-attachment-806\" style=\"width: 560px\" class=\"wp-caption aligncenter\"><a href=\"http:\/\/gunnarkrantz.se\/wp-content\/uploads\/2015\/10\/fantask.jpg\"><img loading=\"lazy\" decoding=\"async\" class=\"wp-image-806 size-full\" src=\"http:\/\/gunnarkrantz.se\/wp-content\/uploads\/2015\/10\/fantask.jpg\" alt=\"Seriebutiken Fantask i K\u00f6penhamn 1979\" width=\"560\" height=\"250\" srcset=\"https:\/\/gunnarkrantz.se\/wp-content\/uploads\/2015\/10\/fantask.jpg 560w, https:\/\/gunnarkrantz.se\/wp-content\/uploads\/2015\/10\/fantask-300x134.jpg 300w\" sizes=\"auto, (max-width: 560px) 100vw, 560px\" \/><\/a><figcaption id=\"caption-attachment-806\" class=\"wp-caption-text\">Seriebutiken Fantask i K\u00f6penhamn 1979<\/figcaption><\/figure>\n<p><strong>1979<\/strong> Fors\u00e4tter arbeta f\u00f6r publicering i <em>Svenska Serier<\/em>. Nu med en postapokalyptisk stil som ligger n\u00e4rmare Marcel Crespin sobra realism. Cyklar till J\u00f6nk\u00f6ping och h\u00e4lsar p\u00e5 Johan och Lars Andreasson som ger ut <em>Banzai!<\/em><\/p>\n<p><strong>1980<\/strong> En andra publicering sker i fanzinet <em>Banzai<\/em>!. En parodisk sk\u00e4mtteckning p\u00e5 en sv\u00e4rdsvingande barbar. I \u00f6vrigt fortsatt arbete f\u00f6r <em>Svenska Serier<\/em> \u2013 utan resultat.<\/p>\n<p><strong>1981<\/strong> Ett planerat samarbete med Lars Andreasson havererar och resulterar i satirtidningen <em>B\u00f6ld&amp;Fibbla<\/em>, Tidningen f\u00e5r visss uppm\u00e4rksamhet. Under \u00e5ret ges fyra nummer ut. Det sista med sj\u00e4lvbiografiska serier.&nbsp;Blir kontaktad av Seriefr\u00e4mjandet som beh\u00f6ver en redakt\u00f6r f\u00f6r nystartade <em>Tidskrift om tecknade serier<\/em>. Tar \u00f6ver som redakt\u00f6r fr\u00e5n nummer 2 1981.&nbsp;Serier som refuserats av <em>Svenska Serier<\/em> publiceras ist\u00e4llet i fanzine som <em>Honung<\/em> och <em>Snapparn<\/em>.<\/p>\n<p><strong>1982<\/strong> P\u00e5b\u00f6rjar studier p\u00e5 Konstskolan i Kristianstad. Ger ut ett f\u00f6rsta fanzine kallat <em>Art<\/em>. Fortsatt publicering av refuserade serier i fanzines. Avslutar redakt\u00f6rskapet f\u00f6r <em>Tidskrift om tecknade serier<\/em>.<\/p>\n<p><strong>1983<\/strong> Blir inbjuden att medverka i serieantologin <em>Pladask<\/em>, som ges ut av Bakh\u00e5ll f\u00f6rlag \u00e5ret d\u00e4rp\u00e5. Blir inbjuden att medverka i antologin <em>Elektriska Zerier<\/em> som ges ut 1983 p\u00e5 Medusa f\u00f6rlag.<\/p>\n<p><strong>STOCKHOLM<br \/>\n<\/strong>Flyttar till Stockholm f\u00f6r fortsatta studier p\u00e5 konstskola. Ger ut <em>Ett vidrigt el\u00e4nde<\/em> med serier fr\u00e5n en amat\u00f6rteaterf\u00f6rening.&nbsp;F\u00e5r erbjudande om redakt\u00f6rskap p\u00e5 <em>Bild &amp; Bubbla<\/em>.&nbsp;K\u00f6per en boktryckpress tillsammans med konstn\u00e4ren Thomas Henriksson. P\u00e5b\u00f6rjar utgivning av experimentella seriefanzines och artist books.<\/p>\n<p><strong>1984<\/strong> Anlitas av Horst Schr\u00f6der som redakt\u00f6r f\u00f6r en uppf\u00f6ljare till <em>Elektriska Zerier<\/em>, p\u00e5 temat mat. Projektet skrinl\u00e4ggs i o m starten av <em>Epix<\/em>.&nbsp;Blir inbjuden att medverka i <em>Galago<\/em>, men refuseras av redaktionskommitt\u00e9n.&nbsp;Ansvarar f\u00f6r marknadsf\u00f6ringen av tidningen <em>Epix<\/em>. Designar Epix-logotyp, samt en rad annonser f\u00f6r dagspress och tunnelbana. Utformar fram\u00f6ver tidningens baksidor. Anst\u00e4lls formellt f\u00f6r att sk\u00f6ta f\u00f6rlagets bokf\u00f6ring.&nbsp;Redakt\u00f6r f\u00f6r serietidningen <em>Pox<\/em> fr\u00e5n nummer 1\/84.&nbsp;P\u00e5b\u00f6rjar serien &#8220;Alger&#8221;, som publiceras som f\u00f6ljetong i <em>Pox<\/em>.<\/p>\n<p><strong>1985<\/strong> Medverkar i serietidningen <em>Elitserien<\/em>, som gavs ut av Fria Serier. Tidningen l\u00e4ggs ned efter bara ett nummer, bl a efter p\u00e5tryckningar fr\u00e5n Disney.&nbsp;Avslutar anst\u00e4llningen p\u00e5 <em>Epix<\/em> p g a vapenfri tj\u00e4nst. P\u00e5b\u00f6rjar uppf\u00f6ljaren till &#8220;Alger&#8221;, kallad &#8220;Falska liv&#8221;. \u00c4ven den g\u00e5r som f\u00f6ljetong i <em>Pox<\/em>.<\/p>\n<p><strong>1986<\/strong> Blir inbjuden att medverka i Kulturhusets utst\u00e4llning <em>Serier!&nbsp;<\/em>&#8220;Alger&#8221; publiceras som seriealbum.&nbsp; F\u00e5r som f\u00f6rsta svenska serietecknare Seriefr\u00e4mjandets nyinstiftade pris \u201dUrhunden\u201d f\u00f6r b\u00e4sta svenska Seriealbum.&nbsp;Blir inbjuden att medverka i <em>Svenska Serier,<\/em> som ska realiseras.&nbsp;\u00c5terupptar arbetet p\u00e5 <em>Epix<\/em> efter avslutad v\u00e4rnplikt. Nu som ansvarig f\u00f6r form och marknadsf\u00f6ring av nya titlar som <em>Tung Metall, Maxx<\/em> och <em>Studio Epix<\/em>.&nbsp;P\u00e5b\u00f6rjar en omarbetning av tidningen <em>Elixir.<\/em><\/p>\n<p><strong>1987<\/strong> F\u00f6rsta numret av nya versionen av <em>Elixir<\/em> ges ut. Tema: Vuxenserier. F\u00f6rs\u00e4ljningen stiger markant. Detta f\u00f6ljs av teman som, pengar, rasism, aids, palmemordet och rockmusik. Partisekreterare Sten Andersson f\u00f6rd\u00f6mer palme-numret.&nbsp;&#8220;Falska liv&#8221; publiceras i albumform.&nbsp;Tecknar inslag f\u00f6r TV-programmet <em>Daily Live.&nbsp;<\/em>&#8220;Skin-city&#8221; publiceras i <em>Svenska Serier<\/em> nummer 1 1987. Inspiration till serien kommer fr\u00e5n Lars von Triers debutfilm &#8220;Forbrydelsens element&#8221;.&nbsp;Skapar koncept och form f\u00f6r \u00e4ventyrsmagasinet <em>Casablanca<\/em>. Tanken \u00e4r att paketera ett seriealbum i varje nummer, tillsammans med n\u00e5gra serier i f\u00f6ljetong och redaktionellt material.&nbsp;Oenighet om f\u00f6rlagets utgivning, framf\u00f6rallt \u00e4garens ovilja att l\u00e4gga ner ol\u00f6nsamma titlar och allt st\u00f6rre fokus p\u00e5 renodlat pornografisk utgivning leder till beg\u00e4ran om upps\u00e4gning.&nbsp;Arbetar under kortare tid som redigerare p\u00e5 Marvelredaktionen p\u00e5 Semic i Sundbyberg. Arbetar d\u00e4refter enbart som frilansande serietecknare.&nbsp;Tecknar &#8220;Galleri ZZZ&#8221; f\u00f6r <em>Dagens Nyheter<\/em>. Serien handlar om n\u00e5gra bekanta som driver ett galleri p\u00e5 s\u00f6der.&nbsp;Flyttar till atelje p\u00e5 S\u00f6der och p\u00e5b\u00f6rjar &#8220;Peppe och de svartkl\u00e4dda&#8221;,&nbsp; f\u00f6r <em>Svenska Serier<\/em>.<\/p>\n<p><strong>1988<\/strong> Blir inbjuden att medverka i serieantologi fr\u00e5n RFSU. Tecknar &#8220;Steppingstone&#8221;, som publiceras \u00e5ret d\u00e4rp\u00e5 i <em>Sesams samlade serier<\/em>.&nbsp;Bor st\u00f6rre delen av \u00e5ret p\u00e5 \u00f6n Landsort i Stockholms sk\u00e4rg\u00e5rd. Tecknar det sista avsnittet av &#8220;Peppe och de svartkl\u00e4dda&#8221;, som k\u00f6ps in av Semic, men d\u00e4refter refuseras efter en l\u00e4saromr\u00f6stning.&nbsp;Flyttar till Malm\u00f6 i november.<\/p>\n<p><strong>MALM\u00d6<br \/>\n1989<\/strong> Tecknar en sida i m\u00e5naden f\u00f6r Malm\u00f6tidningen <em>Reflektion<\/em>. Arbetar p\u00e5 Presam som distribut\u00f6r, f\u00e5r handfast kunskap om seriebranschen. <em>Kalle Anka<\/em> och <em>Fantomen<\/em> kommer p\u00e5 pallar. \u00d6vriga tidningar sorteras i fack. Ett sista nummer av <em>Br\u00f6k<\/em> passerar.&nbsp;Tecknar &#8220;En tur till K\u00f6penhamn&#8221;. En 20 sidor l\u00e5ng sj\u00e4lvbiografisk och vardagsrealistisk serie om en dagsutflykt till K\u00f6penhamn. Serien refuseras av <em>Pox<\/em>.<\/p>\n<p><strong>1990<\/strong> P\u00e5b\u00f6rjar sviten &#8220;Mondo Love&#8221;&nbsp; f\u00f6r <em>Pox<\/em>. Tresidiga novellserier om relationer. Projektet tillkommer f\u00f6r att utveckla en ny och mer samtida stil.&nbsp;B\u00f6rjar studera p\u00e5 Konstskolan Forum i Malm\u00f6. Inriktning m\u00e5leri och skultpur.<\/p>\n<p><strong>1991<\/strong> F\u00e5r avslag p\u00e5 ans\u00f6kan om studiemedel p\u00e5 grund av f\u00f6r\u00e4ndrade regler. B\u00f6rjar ist\u00e4llet arbeta som st\u00e4dare p\u00e5 skolan och p\u00e5b\u00f6rjar ett st\u00f6rre serieprojekt kallat &#8220;Superangst&#8221;. F\u00e5r kontakt med en ny generation tecknare; David Liljemark, Daniel Ahlgren och Mats Jonsson.<\/p>\n<p><strong>1992<\/strong> Intervjuas f\u00f6r fanzinet <em>Seriechock<\/em>.<\/p>\n<p><strong>1993<\/strong> &#8220;Superangst&#8221; publiceras och f\u00e5r goda recensioner i bl a <em>DN<\/em>. N\u00e5gon st\u00f6rre f\u00f6rs\u00e4ljningen blir det dock inte p g a f\u00f6rlagets bristf\u00e4lliga distribution.<\/p>\n<p><strong>1994<\/strong> Tecknar uppf\u00f6ljare p\u00e5 <em>&#8220;<\/em>Superangst&#8221;, kallad &#8220;1981&#8221;. Medverkar i utst\u00e4llningen &#8220;Reflexerier&#8221; p\u00e5 M\u00f6lndals Konsthall, arrangerad av Optimal Press. Ger ut <em>Gunnars Fanzine nr 2<\/em>, som inneh\u00e5ller den \u00e5ttasidiga serien &#8220;S\u00e5h\u00e4r var det&#8221; och en l\u00e4ngre kritisk text om tillst\u00e5ndet i seriesverige. G\u00e4stl\u00e4rare p\u00e5 serietecknarskolan i Hofors.<\/p>\n<p><strong>1995<\/strong> Byter f\u00f6rlag, fr\u00e5n Epix\/Medusa, till Optimal Press. F\u00f6rsta utg\u00e5van p\u00e5 det nya f\u00f6rlaget \u00e4r den konceptuella serien, &#8220;Nollad&#8221;, med f\u00f6rord av John-Peter Nilsson. Boken totals\u00e5gas i <em>Bild &amp; Bubbla<\/em>, men f\u00e5r uppm\u00e4rksamhet i lokalpressen, eftersom den utspelar sig i igenk\u00e4nnbara Malm\u00f6milj\u00f6er.<\/p>\n<figure id=\"attachment_836\" aria-describedby=\"caption-attachment-836\" style=\"width: 560px\" class=\"wp-caption aligncenter\"><a href=\"http:\/\/gunnarkrantz.se\/wp-content\/uploads\/2015\/10\/romanen.jpg\"><img loading=\"lazy\" decoding=\"async\" class=\"wp-image-836 size-full\" src=\"http:\/\/gunnarkrantz.se\/wp-content\/uploads\/2015\/10\/romanen.jpg\" alt=\"romanen\" width=\"560\" height=\"250\" srcset=\"https:\/\/gunnarkrantz.se\/wp-content\/uploads\/2015\/10\/romanen.jpg 560w, https:\/\/gunnarkrantz.se\/wp-content\/uploads\/2015\/10\/romanen-300x134.jpg 300w\" sizes=\"auto, (max-width: 560px) 100vw, 560px\" \/><\/a><figcaption id=\"caption-attachment-836\" class=\"wp-caption-text\">Atelj\u00e9 M\u00e4ster Henriksgatan<\/figcaption><\/figure>\n<p><strong>1996<\/strong> Tecknar &#8220;Kosmos&#8221;, som ges ut som fanzine av <em>Seriechock<\/em>. Publicerar flera olika fanzines till konstutst\u00e4llningar i Sverige och Danmark. Medverkar g\u00f6r bl a Mats Jonsson, Sara Olausson, Daniel Ahlgren, Rasmus Gran, David Liljemark och Nora Below.<\/p>\n<p><strong>1997<\/strong> B\u00f6rjar experimentera med digitala serier, vilket resulterar i en ny, mer skissartad stil. Tecknar flera l\u00e4ngre sj\u00e4lvbiografiska barndomsskildringar, som underlag f\u00f6r multimediapresentationer.<\/p>\n<p><strong>1998<\/strong> Samlar fanzineutgivare och grafittikonstn\u00e4rer till utst\u00e4llningen &#8220;Avtryck av verkligheten \u2013 ny kultur fr\u00e5n Malm\u00f6 och Lund&#8221;. Utst\u00e4llningen f\u00e5r stort medialt genomslag. Medverkar g\u00f6r bl a David Liljemark, Finn Hallin (Finsta), Simon G\u00e4rdenfors, Calle Th\u00f6rn, Daniel Ahlgren, Karna Rusek, Martin Fredriksson (Core), Rasmus Gran och Patrik Stigzelius. De skissartade serierna och dokumentation fr\u00e5n utst\u00e4llningen samlas p\u00e5 en CD-rom, som f\u00f6ljer med som bilaga till <em>Allt F\u00f6r Konsten 1<\/em> och i &#8220;Nazibeatles och andra ber\u00e4ttelser&#8221;, som trycks i print on demand. Blir inbjuden att visa utst\u00e4llningen p\u00e5 Virserums Konsthall. Utvecklar konceptet och bjuder in ytterligare medverkande; Kati Kovacs, Henrik Bromander och elever fr\u00e5n Serietecknarskolan i Hofors. I samband med ett event f\u00f6r att marknadsf\u00f6ra &#8220;I Seriernas v\u00e4rld&#8221; myntas begreppet \u201dSeriestaden&#8221; om Malm\u00f6.<\/p>\n<figure id=\"attachment_833\" aria-describedby=\"caption-attachment-833\" style=\"width: 560px\" class=\"wp-caption aligncenter\"><a href=\"http:\/\/gunnarkrantz.se\/wp-content\/uploads\/2015\/10\/virserum.jpg\"><img loading=\"lazy\" decoding=\"async\" class=\"wp-image-833 size-full\" src=\"http:\/\/gunnarkrantz.se\/wp-content\/uploads\/2015\/10\/virserum.jpg\" alt=\"Seriernas V\u00e4rld p\u00e5 Virserums Konsthall\" width=\"560\" height=\"250\" srcset=\"https:\/\/gunnarkrantz.se\/wp-content\/uploads\/2015\/10\/virserum.jpg 560w, https:\/\/gunnarkrantz.se\/wp-content\/uploads\/2015\/10\/virserum-300x134.jpg 300w\" sizes=\"auto, (max-width: 560px) 100vw, 560px\" \/><\/a><figcaption id=\"caption-attachment-833\" class=\"wp-caption-text\">Seriernas V\u00e4rld p\u00e5 Virserums konsthall. Foto: Lars Midb\u00f8e.<\/figcaption><\/figure>\n<p><strong>1999<\/strong> F\u00e5r i uppdrag av Kvarnby Folkh\u00f6gskola att ta fram f\u00f6rslag p\u00e5 en utbildning i serieteckning. Marknadsf\u00f6r kursen, som kallas Kvarnby Serietecknarskola, inf\u00f6r antagning till h\u00f6stterminen 1999. Producerar kortfilmer med tecknade inslag f\u00f6r SVT. Arbetar p\u00e5 &#8220;Fanzineindex 2001&#8221; tillsammans med Ingemar Bengtsson. L\u00e4rare i serieteckning p\u00e5 Gerlesborgsskolan i Bohusl\u00e4n.<\/p>\n<p><strong>2000<\/strong> Anlitas som l\u00e4rare i serieteckning av Kvarnby Folkh\u00f6gskola. Utformar och driver skolans sommarkurs i Serieteckning.<\/p>\n<p><strong>2001<\/strong> Initierar Malm\u00f6 kulturskolas kurser i serieteckning f\u00f6r barn och \u00e5ker med anledning av det p\u00e5 studieresa till Bryssel med en grupp malm\u00f6tecknare. Utformar och driver sommarkurser i serieteckning p\u00e5 Fridhems folkh\u00f6gskolas. Producerar utst\u00e4llningen &#8220;Seriestaden&#8221; p\u00e5 Hedmanska g\u00e5rden, som samlar (i stort sett ) alla Malm\u00f6s aktiva serietecknare, inklusive f\u00f6rsta \u00e5rskullen fr\u00e5n seriekursen p\u00e5 Kvarnby Folkh\u00f6gskola. Startar websidan <em>Seriekonst.net<\/em>.<\/p>\n<p><strong>2002<\/strong> Folkh\u00f6gskoll\u00e4rarexamen vid Link\u00f6pings Universitet. F\u00e5r anst\u00e4llning som universitetslektor i visuell kommunikation p\u00e5 H\u00f6gskolan f\u00f6r Design och Konsthantverk (HDK) i G\u00f6teborg.<\/p>\n<p><strong>2003<\/strong> Tecknar &#8220;Cykelhippie&#8221; direkt f\u00f6r pocketformatet och &#8220;Gr\u00f6na Tomater&#8221;, som skapats efter inspiration fr\u00e5n franska l\u2019Associations publikation <em>Patte de mouche<\/em>.<\/p>\n<p><strong>2004<\/strong> Initierar &#8220;Seriecenter&#8221; i Kulturhuset Mazetti, genom att skapa grund f\u00f6r samverkan mellan Kulturskolan, Seriefr\u00e4mjandet och ett antal frilansande serietecknare. Grundar &#8220;Seriestudion&#8221; med bl a Emma och Lisen Adb\u00e5ge, Joakim Gunnarsson, Kim W Andersson, Jimmy Wallin, Jonna Bj\u00f6nrstjerna, Adam Blomgren, Malin Biller, Johanna Kristiansson, \u00c5sa Ekstr\u00f6m och Sofia Falkenhem. Pocketboken &#8220;V\u00e4nster v\u00e4nster&#8221; ges ut av Optimal press.<\/p>\n<p><strong>2005<\/strong> Genomf\u00f6r ett konstn\u00e4rligt utvecklingsprojekt &#8220;Seriekonst \u2013 tabloid&#8221;, som best\u00e5r av 30.000 tidningar i tabloidformat. Medverkar g\u00f6r bl a Kim W Andersson, Fabian G\u00f6ransson, Jonna Bj\u00f6rnstjerna, Joakim Gunnarsson, Oskar Aspman, Stina Hjelm, Knut Larsson, Daniel Ahlgren och Mattias Elftorp. Publicerar pocketboken &#8220;Punk Provocateur&#8221; och handboken &#8220;Seriemagi&#8221;, som sammanfattar Serieskolans grundkurs i serieteckning.<\/p>\n<figure id=\"attachment_829\" aria-describedby=\"caption-attachment-829\" style=\"width: 560px\" class=\"wp-caption aligncenter\"><a href=\"http:\/\/gunnarkrantz.se\/wp-content\/uploads\/2015\/10\/serieskolan_copenhagen.jpg\"><img loading=\"lazy\" decoding=\"async\" class=\"wp-image-829 size-full\" src=\"http:\/\/gunnarkrantz.se\/wp-content\/uploads\/2015\/10\/serieskolan_copenhagen.jpg\" alt=\"serieskolan_copenhagen\" width=\"560\" height=\"250\" srcset=\"https:\/\/gunnarkrantz.se\/wp-content\/uploads\/2015\/10\/serieskolan_copenhagen.jpg 560w, https:\/\/gunnarkrantz.se\/wp-content\/uploads\/2015\/10\/serieskolan_copenhagen-300x134.jpg 300w\" sizes=\"auto, (max-width: 560px) 100vw, 560px\" \/><\/a><figcaption id=\"caption-attachment-829\" class=\"wp-caption-text\">Skolresa till K\u00f6penhamn med Serieskolan i Malm\u00f6<\/figcaption><\/figure>\n<p><strong>2006<\/strong> Utst\u00e4llningen &#8220;Seriemagi&#8221; p\u00e5 Ystads konstmuseum. Ledamot i Arbetsgruppen f\u00f6r litteraturst\u00f6d till bildverk, Kulturr\u00e5det.<\/p>\n<p><strong>2007<\/strong> Utst\u00e4llningen &#8220;Seriemagi&#8221; visas p\u00e5 V\u00e4xj\u00f6 Konsthall och Landskrona Museum. St\u00e4ller ut serieoriginal p\u00e5 Varbergs konsthall.<\/p>\n<p><strong>2008<\/strong> Akvarellnovellen &#8220;Vin och Vatten&#8221;, som tagit tv\u00e5 \u00e5r att framst\u00e4lla, publiceras p\u00e5 Optimal press. Ordf\u00f6rande i Arbetsgruppen f\u00f6r litteraturst\u00f6d till bildverk, Kulturr\u00e5det.<br \/>\nInitierar, skriver och driver masterkurs i &#8220;Seriekonst och visuellt ber\u00e4ttande (30 HP)&#8221; p\u00e5 HDK. Bland studenterna \u00e5terfinns bl a Kim W Andersson, Josefin Svenske, Mattias Elftorp, Lina Neidestam, \u00c5ke Forsmark, Rolf H Reimers, Annika Giannini.<br \/>\nMedverkar med bl a David Hockney och Ingmar Bergman p\u00e5 utst\u00e4llningen &#8220;Dekadens&#8221;, p\u00e5 Dunkers Kulturhus med serien &#8220;The Rake&#8221;, efter William Hogarth. Serien publiceras i <em>Allt F\u00f6r Konsten 8<\/em>.<\/p>\n<p><strong>2009<\/strong> G\u00f6r utredning f\u00f6r Seriefr\u00e4mjandet f\u00f6r att inventera, utv\u00e4rdera och utveckla pedagogiska insatser p\u00e5 serieomr\u00e5det vilket resulterar i tv\u00e5 rapporter: &#8220;Seriepedagogik i Sverige&#8221; och &#8220;M\u00f6te med serier&#8221;. Medverkar p\u00e5 Skolforum i Stockholm.<\/p>\n<p><strong>2010<\/strong> Initierar och skriver kursen &#8220;Bilderb\u00f6cker f\u00f6r barn (30 HP)&#8221;. Anst\u00e4lls som universitetslektor i Visuell kommunikation p\u00e5 Institutionen f\u00f6r Konst, Kultur och Kommunikation, K3 p\u00e5 Malm\u00f6 H\u00f6gskola.<\/p>\n<p><strong>2011<\/strong> Initierar, skriver och driver kursen &#8220;Serieteckning och Visuellt ber\u00e4ttande (30 HP)&#8221;. Initierar och skriver f\u00f6rsta kursplanen till kursen &#8220;Comics, International perspectives (30 HP)&#8221;. Skapar utbytesavtal med serieutbildningen p\u00e5 Hohschule der angewandte wissenschaft, HAW-Hamburg. F\u00e5r uppdrag som Enhetschef p\u00e5 K3.&nbsp;Publicerar boken &#8220;St\u00f6rsta m\u00f6jliga allvar&#8221;, som samlar serier, foton, texter och teckningar fr\u00e5n 80-talet.<br \/>\n&#8220;Seriekonst och Konstserier&#8221;, vetenskaplig artikel till tidskriften <em>Val\u00f6r<\/em>, utgiven av Konstvetenskapliga Institutionen, Uppsala Universitet. Artikeln beskriver arbetet med &#8220;The Rake&#8221;.<\/p>\n<p><strong>2012<\/strong> Publicerar boken \u201dFr\u00e5n Superangst till Seriestaden\u201d, som samlar serier, foton, texter och teckningar fr\u00e5n 90-talet.<\/p>\n<p><strong>2013<\/strong>&nbsp;Undervisar p\u00e5&nbsp;den internationella distanskursen &#8220;Digital Comics (30 HP)&#8221; tillsammans med Jakob Dittmar.<\/p>\n<figure id=\"attachment_810\" aria-describedby=\"caption-attachment-810\" style=\"width: 560px\" class=\"wp-caption aligncenter\"><a href=\"http:\/\/gunnarkrantz.se\/wp-content\/uploads\/2015\/10\/k3.jpg\"><img loading=\"lazy\" decoding=\"async\" class=\"wp-image-810 size-full\" src=\"http:\/\/gunnarkrantz.se\/wp-content\/uploads\/2015\/10\/k3.jpg\" alt=\"k3\" width=\"560\" height=\"250\" srcset=\"https:\/\/gunnarkrantz.se\/wp-content\/uploads\/2015\/10\/k3.jpg 560w, https:\/\/gunnarkrantz.se\/wp-content\/uploads\/2015\/10\/k3-300x134.jpg 300w\" sizes=\"auto, (max-width: 560px) 100vw, 560px\" \/><\/a><figcaption id=\"caption-attachment-810\" class=\"wp-caption-text\">Malm\u00f6 H\u00f6gskola, Ub\u00e5tshallen, V\u00e4stra Hamnen<\/figcaption><\/figure>\n<p>Skiftesf\u00f6rel\u00e4sning p\u00e5 Malm\u00f6 H\u00f6gskola tillsammans med Liv Str\u00f6mqvist och Ylva Lindberg.<br \/>\nF\u00f6rel\u00e4ser om Serier och feminism p\u00e5 Kulturhuset i Sk\u00f6vde.<\/p>\n<p><strong>2014<\/strong> Initierar utbytesavtal med serieutbildningen p\u00e5 Luca Art Academy i Bryssel. Presenterar paper om serieutbildning p\u00e5 seriekonferens p\u00e5 British Library i London. F\u00f6rel\u00e4ser om serier och moralpanik p\u00e5 H\u00f6gskolan i J\u00f6nk\u00f6ping.<\/p>\n<p><strong>2015<\/strong> F\u00e5r Malm\u00f6 Stads Kulturstipendium f\u00f6r v\u00e4rdefulla insatser.&nbsp;Presenterar paper om T\u00f6pffer och den egna serien &#8220;Cykelhippie&#8221; p\u00e5 seriekonferens i Paris.&nbsp;Publicerar artikel i tidskriften <em>Studies in Comics<\/em>. &#8220;Teaching comics in class: Between mainstream and the alternative.&#8221;&nbsp;F\u00f6rel\u00e4ser om serieforskning p\u00e5 Bok &amp; Biblioteksm\u00e4ssan i G\u00f6teborg.&nbsp;Arrangerar paneldebatt om Serieteckning som opinionsbildning vid invigningen av Niagarahuset, med Ren\u00e9 Engstr\u00f6m, Mattias Elftorp, Amanda Casanellas, Oskar Aspman och Viktor J\u00e4derlund.&nbsp;F\u00f6rel\u00e4sning om serier och moralpanik p\u00e5 Malm\u00f6 Stadsarkiv i samband med I Seriernas V\u00e4rld 2015<\/p>\n<p><strong>2016<\/strong> Tv\u00e5 gamla fanzines, <em>B\u00f6ld &amp; Fibbla<\/em> 1-2 s\u00e4ljs f\u00f6r n\u00e4rmare 2000 kr p\u00e5 Tradera. Ytterligare fanzines g\u00e5r f\u00f6r h\u00f6ga priser under \u00e5ret.&nbsp;Publicerar &#8220;Sj\u00f6cronas gata&#8221;, en Kristianstads-serie, m\u00e5lad med th\u00e9. Moderator p\u00e5 Studentafton p\u00e5 AF med Sara Gran\u00e9r och Pelle Forshed. F\u00f6rel\u00e4ser om Malm\u00f6 H\u00f6gskolas internationella utbyten med andra serieutbildningar.&nbsp;Publicerar &#8220;Kooperat\u00f6ren&#8221;, en funktionalistiskt tecknad serie om min farmor och farfar och deras arbete i Kooperativa F\u00f6rbundet under fyra decennier.&nbsp;Presenterar&nbsp;paper p\u00e5 symposium om serieforskning p\u00e5 Carolina Rediviva, Uppsala Universitet.&nbsp;Presenterar paper p\u00e5 symposium p\u00e5 Malm\u00f6 H\u00f6gskola.&nbsp;Jury vid festivalen I Seriernas V\u00e4rld.<\/p>\n<p>&nbsp;<\/p>\n","protected":false},"excerpt":{"rendered":"<p>En kortfattad sammanfattning av mitt arbete med tecknade serier under 40 \u00e5r. KIVIK 1976 v\u00e4cks tanken p\u00e5 att kunna teckna serier. Problemet \u00e4r f\u00f6rm\u00e5gan. Kunskap h\u00e4mtas in fr\u00e5n \u00c5ke Ski\u00f6lds ritskola, kvalit\u00e9n p\u00e5 teckningarna skjuter i h\u00f6jden. Likas\u00e5 skolbetyget.&nbsp;Skriver brev till Herg\u00e9 och st\u00e4ller fr\u00e5gor om hans bruk av material. F\u00e5r svaret att han vanligtvis [&hellip;]<\/p>\n","protected":false},"author":1,"featured_media":0,"parent":0,"menu_order":0,"comment_status":"closed","ping_status":"open","template":"","meta":{"footnotes":""},"class_list":["post-753","page","type-page","status-publish","hentry"],"_links":{"self":[{"href":"https:\/\/gunnarkrantz.se\/index.php?rest_route=\/wp\/v2\/pages\/753","targetHints":{"allow":["GET"]}}],"collection":[{"href":"https:\/\/gunnarkrantz.se\/index.php?rest_route=\/wp\/v2\/pages"}],"about":[{"href":"https:\/\/gunnarkrantz.se\/index.php?rest_route=\/wp\/v2\/types\/page"}],"author":[{"embeddable":true,"href":"https:\/\/gunnarkrantz.se\/index.php?rest_route=\/wp\/v2\/users\/1"}],"replies":[{"embeddable":true,"href":"https:\/\/gunnarkrantz.se\/index.php?rest_route=%2Fwp%2Fv2%2Fcomments&post=753"}],"version-history":[{"count":67,"href":"https:\/\/gunnarkrantz.se\/index.php?rest_route=\/wp\/v2\/pages\/753\/revisions"}],"predecessor-version":[{"id":2978,"href":"https:\/\/gunnarkrantz.se\/index.php?rest_route=\/wp\/v2\/pages\/753\/revisions\/2978"}],"wp:attachment":[{"href":"https:\/\/gunnarkrantz.se\/index.php?rest_route=%2Fwp%2Fv2%2Fmedia&parent=753"}],"curies":[{"name":"wp","href":"https:\/\/api.w.org\/{rel}","templated":true}]}}