{"id":89,"date":"2014-12-29T21:20:14","date_gmt":"2014-12-29T21:20:14","guid":{"rendered":"http:\/\/gunnarkrantz.se\/?page_id=89"},"modified":"2015-02-05T22:08:52","modified_gmt":"2015-02-05T22:08:52","slug":"alger","status":"publish","type":"page","link":"https:\/\/gunnarkrantz.se\/?page_id=89","title":{"rendered":"ALGER"},"content":{"rendered":"<p><a href=\"http:\/\/gunnarkrantz.se\/wp-content\/uploads\/2015\/01\/Alger.jpg\"><img loading=\"lazy\" decoding=\"async\" class=\"alignnone wp-image-412 size-full\" src=\"http:\/\/gunnarkrantz.se\/wp-content\/uploads\/2015\/01\/Alger.jpg\" alt=\"Alger\" width=\"250\" height=\"354\" srcset=\"https:\/\/gunnarkrantz.se\/wp-content\/uploads\/2015\/01\/Alger.jpg 250w, https:\/\/gunnarkrantz.se\/wp-content\/uploads\/2015\/01\/Alger-212x300.jpg 212w\" sizes=\"auto, (max-width: 250px) 100vw, 250px\" \/><\/a><br \/>\n<strong>ALGER (1986)<\/strong><br \/>\nEn ber\u00e4ttelse fr\u00e5n 50-talet om tv\u00e5 unga svenska m\u00e4n och deras m\u00f6te med en annan kontinent och ett krig de inte k\u00e4nde till. Tecknat i en realistisk (fotografisk) stil, inspirerad av Tardi och Chantal Montellier. Publicerades ursprungligen som f\u00f6ljetong i serietidningen Pox ( nr 5-9 1985). Bel\u00f6nad med Seriefr\u00e4mjandets pris Urhunden, f\u00f6r b\u00e4sta svenska seriealbum 1986.<\/p>\n<p>&nbsp;<\/p>\n<p><a href=\"http:\/\/gunnarkrantz.se\/wp-content\/uploads\/2015\/01\/alger.jpg\"><img loading=\"lazy\" decoding=\"async\" class=\"alignnone wp-image-263 size-full\" src=\"http:\/\/gunnarkrantz.se\/wp-content\/uploads\/2015\/01\/alger.jpg\" alt=\"alger\" width=\"455\" height=\"540\" srcset=\"https:\/\/gunnarkrantz.se\/wp-content\/uploads\/2015\/01\/alger.jpg 455w, https:\/\/gunnarkrantz.se\/wp-content\/uploads\/2015\/01\/alger-253x300.jpg 253w\" sizes=\"auto, (max-width: 455px) 100vw, 455px\" \/><\/a><\/p>\n<p>Hela albumet \u00e5terpublicerades i boken St\u00f6rsta M\u00f6jliga Allvar (2011).<\/p>\n<p>Om Albumet:<br \/>\nAtt skissa ett seriealbum \u00e4r som att ge sig ut p\u00e5 en l\u00e5ng resa. S\u00e4rskilt om man inte bem\u00f6dat sig med ett manus l\u00e4ngre \u00e4n sju meningar p\u00e5 baksidan av ett kuvert. Ibland g\u00e5r det bra. Bild och text flyter ut p\u00e5 pappersarken och ber\u00e4ttelsen ber\u00e4ttar sig sj\u00e4lv. Ibland tar det stopp och man st\u00e5r d\u00e4r p\u00e5 perrongen och v\u00e4ntar p\u00e5 ett t\u00e5g som aldrig kommer. Utan deadline hade mitt f\u00f6rsta album troligen aldrig blivit klart.<\/p>\n<p><a href=\"http:\/\/gunnarkrantz.se\/wp-content\/uploads\/2015\/01\/alger_1.jpg\"><img loading=\"lazy\" decoding=\"async\" class=\"alignnone size-medium wp-image-262\" src=\"http:\/\/gunnarkrantz.se\/wp-content\/uploads\/2015\/01\/alger_1-300x263.jpg\" alt=\"alger_1\" width=\"300\" height=\"263\" srcset=\"https:\/\/gunnarkrantz.se\/wp-content\/uploads\/2015\/01\/alger_1-300x263.jpg 300w, https:\/\/gunnarkrantz.se\/wp-content\/uploads\/2015\/01\/alger_1.jpg 373w\" sizes=\"auto, (max-width: 300px) 100vw, 300px\" \/><\/a><\/p>\n<p>Pressr\u00f6ster:<\/p>\n<p>&#8220;Efterkrigstidens atmosf\u00e4r m\u00e4rks tydligt i Gunnar Krantz nya seriealbum Alger (Medusa f\u00f6rlag). Bilderna \u00e4r tecknade i svart och vitt utan n\u00e5gra gr\u00e5a nyanser. Det blir effektfullt och harmonierar med intrigen.&#8221;<br \/>\nErling Frick, Svenska Dagbladet 860709<\/p>\n","protected":false},"excerpt":{"rendered":"<p>ALGER (1986) En ber\u00e4ttelse fr\u00e5n 50-talet om tv\u00e5 unga svenska m\u00e4n och deras m\u00f6te med en annan kontinent och ett krig de inte k\u00e4nde till. Tecknat i en realistisk (fotografisk) stil, inspirerad av Tardi och Chantal Montellier. Publicerades ursprungligen som f\u00f6ljetong i serietidningen Pox ( nr 5-9 1985). Bel\u00f6nad med Seriefr\u00e4mjandets pris Urhunden, f\u00f6r b\u00e4sta [&hellip;]<\/p>\n","protected":false},"author":1,"featured_media":0,"parent":13,"menu_order":1,"comment_status":"open","ping_status":"open","template":"","meta":{"footnotes":""},"class_list":["post-89","page","type-page","status-publish","hentry"],"_links":{"self":[{"href":"https:\/\/gunnarkrantz.se\/index.php?rest_route=\/wp\/v2\/pages\/89","targetHints":{"allow":["GET"]}}],"collection":[{"href":"https:\/\/gunnarkrantz.se\/index.php?rest_route=\/wp\/v2\/pages"}],"about":[{"href":"https:\/\/gunnarkrantz.se\/index.php?rest_route=\/wp\/v2\/types\/page"}],"author":[{"embeddable":true,"href":"https:\/\/gunnarkrantz.se\/index.php?rest_route=\/wp\/v2\/users\/1"}],"replies":[{"embeddable":true,"href":"https:\/\/gunnarkrantz.se\/index.php?rest_route=%2Fwp%2Fv2%2Fcomments&post=89"}],"version-history":[{"count":7,"href":"https:\/\/gunnarkrantz.se\/index.php?rest_route=\/wp\/v2\/pages\/89\/revisions"}],"predecessor-version":[{"id":538,"href":"https:\/\/gunnarkrantz.se\/index.php?rest_route=\/wp\/v2\/pages\/89\/revisions\/538"}],"up":[{"embeddable":true,"href":"https:\/\/gunnarkrantz.se\/index.php?rest_route=\/wp\/v2\/pages\/13"}],"wp:attachment":[{"href":"https:\/\/gunnarkrantz.se\/index.php?rest_route=%2Fwp%2Fv2%2Fmedia&parent=89"}],"curies":[{"name":"wp","href":"https:\/\/api.w.org\/{rel}","templated":true}]}}